{"id":14596,"date":"2020-07-08T15:02:37","date_gmt":"2020-07-08T15:02:37","guid":{"rendered":"https:\/\/parlo-italiano.com\/?page_id=14596"},"modified":"2023-09-29T14:34:03","modified_gmt":"2023-09-29T12:34:03","slug":"podminky-zapisu","status":"publish","type":"page","link":"https:\/\/parlo-italiano.cz\/cs\/podminky-zapisu\/","title":{"rendered":"Podm\u00ednky z\u00e1pisu"},"content":{"rendered":"<section class=\"wpb-content-wrapper\"><p>[vc_row css=&#8220;.vc_custom_1608818039005{padding-top: 20px !important;}&#8220;][vc_column][vc_tta_accordion color=&#8220;green&#8220; active_section=&#8220;1&#8243;][vc_tta_section title=&#8220;Podm\u00ednky z\u00e1pisu&#8220; tab_id=&#8220;1608817699398-6cf74bde-4f04&#8243;][vc_column_text]A. Kurzovn\u00e9 v pln\u00e9 v\u00fd\u0161i bude uhrazeno nejpozd\u011bji jeden t\u00fdden p\u0159ed za\u010d\u00e1tkem kurzu.<\/p>\n<p>B. Zapsan\u00fd student m\u016f\u017ee \u017e\u00e1dat vr\u00e1cen\u00ed kurzovn\u00e9ho pouze p\u0159ed za\u010d\u00e1tkem kurzu, vr\u00e1cen\u00e1 \u010d\u00e1stka bude sn\u00ed\u017eena o administrativn\u00ed poplatek ve v\u00fd\u0161i 300 K\u010d. Po za\u010d\u00e1tku kurzu Institut kurzovn\u00e9 nevrac\u00ed.<\/p>\n<p>C. Pokud by se kurs v p\u0159\u00edpad\u011b nov\u00fdch opat\u0159en\u00ed v souvislosti se \u0161\u00ed\u0159en\u00edm Covidu-19 nemohl uskute\u010dnit presen\u010dn\u011b, v\u00fduka bude prob\u00edhat online.<\/p>\n<p>D. Uhrazen\u00ed kurzovn\u00e9ho rovn\u011b\u017e zahrnuje: pr\u016fkaz zdarma do knihovny a mo\u017enost p\u016fj\u010dov\u00e1n\u00ed knih a videomateri\u00e1l\u016f z knihovn\u00ed sb\u00edrky v souladu s \u0159\u00e1dem knihovny. Pr\u016fkaz studentovi vystavuje knihovn\u00edk.<\/p>\n<p>E. Student je po dobu trv\u00e1n\u00ed kurzu povinen m\u00edt odpov\u00eddaj\u00edc\u00ed u\u010debnici ke kurzu.<br \/>\nF. Minim\u00e1ln\u00ed po\u010det student\u016f jednoho kurzu je 5, maxim\u00e1ln\u00ed je 12.<\/p>\n<p>G. P\u0159esun z kurzu, ve kter\u00e9m je student zaps\u00e1n, do jin\u00e9ho kurzu je mo\u017en\u00e9 uskute\u010dnit b\u011bhem prvn\u00edch dvou t\u00fddn\u016f v\u00fduky, a pouze v p\u0159\u00edpad\u011b, \u017ee to umo\u017e\u0148uje kapacita nov\u011b zvolen\u00e9ho kurzu.<\/p>\n<p>H. Institut si vyhrazuje pr\u00e1vo kurz zru\u0161it, pokud nebudou spln\u011bny podm\u00ednky nutn\u00e9 pro jeho otev\u0159en\u00ed. V p\u0159\u00edpad\u011b zru\u0161en\u00ed kurzu m\u00e1 student mo\u017enost zapsat se do podobn\u00e9ho kurzu stejn\u00e9 \u00farovn\u011b nebo po\u017eadovat vr\u00e1cen\u00ed kurzovn\u00e9ho v pln\u00e9 v\u00fd\u0161i.<\/p>\n<p>I. Institut si vyhrazuje pr\u00e1vo zm\u011bnit vyu\u010duj\u00edc\u00edho ji\u017e b\u011b\u017e\u00edc\u00edho kurzu, pokud to budou vy\u017eadovat pot\u0159eby organiza\u010dn\u00edho charakteru.<\/p>\n<p>L. Od prvn\u00ed vyu\u010dovac\u00ed hodiny, i v za\u010d\u00e1te\u010dnick\u00fdch kurzech, je pro komunikaci ve t\u0159\u00edd\u011b pou\u017e\u00edv\u00e1n italsk\u00fd jazyk.<\/p>\n<p>M. Na konci v\u0161eobecn\u00e9ho kurzu student absolvuje z\u00e1v\u011bre\u010dnou online zkou\u0161ku. \u00dasp\u011b\u0161n\u00e9 zvl\u00e1dnut\u00ed zkou\u0161ky mu umo\u017en\u00ed postoupit do navazuj\u00edc\u00edho kurzu a z\u00edskat na po\u017e\u00e1d\u00e1n\u00ed Osv\u011bd\u010den\u00ed o absolvov\u00e1n\u00ed pr\u00e1v\u011b skon\u010den\u00e9ho kurzu.<\/p>\n<p>N. Jestli\u017ee student chyb\u00ed na jedn\u00e9 \u010di v\u00edce hodin\u00e1ch, nebude mu umo\u017en\u011bno, aby si svou absenci nahradil s jinou skupinou stejn\u00e9 \u00farovn\u011b. Jestli\u017ee bude u\u010ditel nep\u0159\u00edtomen na jedn\u00e9 \u010di v\u00edce hodin\u00e1ch, bude do\u010dasn\u011b zaji\u0161t\u011bno suplov\u00e1n\u00ed anebo se u\u010ditel domluv\u00ed se studenty na n\u00e1hradn\u00edm term\u00ednu v\u00fduky.[\/vc_column_text][\/vc_tta_section][vc_tta_section title=&#8220;Podm\u00ednky z\u00e1pisu individu\u00e1ln\u00ed lekce&#8220; tab_id=&#8220;1608817699427-1c2d38b1-aa4d&#8220;][vc_column_text]<b>Individu\u00e1ln\u00ed lekce &#8211; pr\u00e1va a povinnosti smluvn\u00edch stran<\/b><\/p>\n<p>a) Pokud klient nedoraz\u00ed na lekci v\u00a0dohodnut\u00fd \u010das, lektor je povinen na n\u011bj po\u010dkat. \u010cas, o kter\u00fd se klient opozdil, lektor nen\u00ed povinen nahradit.<\/p>\n<p>b) Pokud klient pot\u0159ebuje konkr\u00e9tn\u00ed lekci zru\u0161it nebo p\u0159erezervovat, lektor se mu vynasna\u017e\u00ed vyj\u00edt vst\u0159\u00edc v r\u00e1mci sv\u00fdch aktu\u00e1ln\u00edch mo\u017enost\u00ed.<\/p>\n<p>c) Zru\u0161en\u00ed nebo p\u0159erezervov\u00e1n\u00ed hodiny je klient povinen ozn\u00e1mit emailem na <a href=\"mailto:info@parlo-italiano.cz\" target=\"_blank\" rel=\"noopener\">info@parlo-italiano.cz<\/a> nejpozd\u011bji 24 hodin p\u0159ed za\u010d\u00e1tkem pl\u00e1novan\u00e9 lekce. V p\u0159\u00edpad\u011b lekce, kter\u00e1 n\u00e1sleduje bezprost\u0159edn\u011b po v\u00edkendu, tj. v pond\u011bl\u00ed, je nutno zru\u0161en\u00ed \u010di p\u0159erezervov\u00e1n\u00ed nahl\u00e1sit nejpozd\u011bji v p\u00e1tek do 15 hodin. Pokud klient lekci zru\u0161\u00ed pozd\u011bji ne\u017e 24 h p\u0159ed pl\u00e1novan\u00fdm za\u010d\u00e1tkem sv\u00e9 lekce, lekce mu bude standardn\u011b \u00fa\u010dtov\u00e1na.<\/p>\n<p>d) Klient je povinen vybrat si v\u0161echny lekce v po\u010dtu domluven\u00fdch t\u00fddn\u016f a m\u00e1 n\u00e1sleduj\u00edc\u00ed 3 t\u00fddny na uplatn\u011bn\u00ed zaplacen\u00fdch nevybran\u00fdch lekc\u00ed. Po uplynut\u00ed t\u00e9to doby na nevyu\u017eit\u00e9 lekce ztr\u00e1c\u00ed n\u00e1rok.<\/p>\n<p>e) Pokud se vyu\u010duj\u00edc\u00ed \u010di n\u00e1hradn\u00ed vyu\u010duj\u00edc\u00ed nemohou dostavit na lekci, Institut je povinen klienta o t\u00e9to skute\u010dnosti informovat s\u00a0p\u0159edstihem. V\u00a0p\u0159\u00edpad\u011b, \u017ee se lekce v\u00a0dan\u00e9m term\u00ednu uskute\u010dnit nem\u016f\u017ee, vznik\u00e1 klientovi n\u00e1rok na n\u00e1hradn\u00ed hodinu.[\/vc_column_text][\/vc_tta_section][\/vc_tta_accordion][\/vc_column][\/vc_row]<\/p>\n<\/section>","protected":false},"excerpt":{"rendered":"<p>[vc_row css=&#8220;.vc_custom_1608818039005{padding-top: 20px !important;}&#8220;][vc_column][vc_tta_accordion color=&#8220;green&#8220; active_section=&#8220;1&#8243;][vc_tta_section title=&#8220;Podm\u00ednky z\u00e1pisu&#8220; tab_id=&#8220;1608817699398-6cf74bde-4f04&#8243;][vc_column_text]A. Kurzovn\u00e9 v pln\u00e9 v\u00fd\u0161i bude uhrazeno nejpozd\u011bji jeden t\u00fdden p\u0159ed za\u010d\u00e1tkem kurzu. B. Zapsan\u00fd student m\u016f\u017ee \u017e\u00e1dat vr\u00e1cen\u00ed kurzovn\u00e9ho pouze p\u0159ed za\u010d\u00e1tkem kurzu, vr\u00e1cen\u00e1 \u010d\u00e1stka bude sn\u00ed\u017eena o administrativn\u00ed poplatek ve v\u00fd\u0161i 300 K\u010d. Po za\u010d\u00e1tku kurzu Institut kurzovn\u00e9 nevrac\u00ed. C.<\/p>\n","protected":false},"author":2,"featured_media":0,"parent":0,"menu_order":0,"comment_status":"closed","ping_status":"closed","template":"","meta":{"footnotes":""},"class_list":["post-14596","page","type-page","status-publish","hentry"],"yoast_head":"<!-- This site is optimized with the Yoast SEO plugin v27.4 - https:\/\/yoast.com\/product\/yoast-seo-wordpress\/ -->\n<title>Podm\u00ednky z\u00e1pisu - Parlo Italiano<\/title>\n<meta name=\"robots\" content=\"index, follow, max-snippet:-1, max-image-preview:large, max-video-preview:-1\" \/>\n<link rel=\"canonical\" href=\"https:\/\/parlo-italiano.cz\/cs\/podminky-zapisu\/\" \/>\n<meta property=\"og:locale\" content=\"cs_CZ\" \/>\n<meta property=\"og:type\" content=\"article\" \/>\n<meta property=\"og:title\" content=\"Podm\u00ednky z\u00e1pisu - Parlo Italiano\" \/>\n<meta property=\"og:description\" content=\"[vc_row css=&#8220;.vc_custom_1608818039005{padding-top: 20px !important;}&#8220;][vc_column][vc_tta_accordion color=&#8220;green&#8220; active_section=&#8220;1&#8243;][vc_tta_section title=&#8220;Podm\u00ednky z\u00e1pisu&#8220; tab_id=&#8220;1608817699398-6cf74bde-4f04&#8243;][vc_column_text]A. Kurzovn\u00e9 v pln\u00e9 v\u00fd\u0161i bude uhrazeno nejpozd\u011bji jeden t\u00fdden p\u0159ed za\u010d\u00e1tkem kurzu. B. Zapsan\u00fd student m\u016f\u017ee \u017e\u00e1dat vr\u00e1cen\u00ed kurzovn\u00e9ho pouze p\u0159ed za\u010d\u00e1tkem kurzu, vr\u00e1cen\u00e1 \u010d\u00e1stka bude sn\u00ed\u017eena o administrativn\u00ed poplatek ve v\u00fd\u0161i 300 K\u010d. Po za\u010d\u00e1tku kurzu Institut kurzovn\u00e9 nevrac\u00ed. C.\" \/>\n<meta property=\"og:url\" content=\"https:\/\/parlo-italiano.cz\/cs\/podminky-zapisu\/\" \/>\n<meta property=\"og:site_name\" content=\"Parlo Italiano\" \/>\n<meta property=\"article:modified_time\" content=\"2023-09-29T12:34:03+00:00\" \/>\n<meta name=\"twitter:card\" content=\"summary_large_image\" \/>\n<meta name=\"twitter:label1\" content=\"Odhadovan\u00e1 doba \u010dten\u00ed\" \/>\n\t<meta name=\"twitter:data1\" content=\"3 minuty\" \/>\n<script type=\"application\/ld+json\" class=\"yoast-schema-graph\">{\"@context\":\"https:\\\/\\\/schema.org\",\"@graph\":[{\"@type\":\"WebPage\",\"@id\":\"https:\\\/\\\/parlo-italiano.cz\\\/cs\\\/podminky-zapisu\\\/\",\"url\":\"https:\\\/\\\/parlo-italiano.cz\\\/cs\\\/podminky-zapisu\\\/\",\"name\":\"Podm\u00ednky z\u00e1pisu - Parlo Italiano\",\"isPartOf\":{\"@id\":\"https:\\\/\\\/parlo-italiano.cz\\\/#website\"},\"datePublished\":\"2020-07-08T15:02:37+00:00\",\"dateModified\":\"2023-09-29T12:34:03+00:00\",\"breadcrumb\":{\"@id\":\"https:\\\/\\\/parlo-italiano.cz\\\/cs\\\/podminky-zapisu\\\/#breadcrumb\"},\"inLanguage\":\"cs\",\"potentialAction\":[{\"@type\":\"ReadAction\",\"target\":[\"https:\\\/\\\/parlo-italiano.cz\\\/cs\\\/podminky-zapisu\\\/\"]}]},{\"@type\":\"BreadcrumbList\",\"@id\":\"https:\\\/\\\/parlo-italiano.cz\\\/cs\\\/podminky-zapisu\\\/#breadcrumb\",\"itemListElement\":[{\"@type\":\"ListItem\",\"position\":1,\"name\":\"Home\",\"item\":\"https:\\\/\\\/parlo-italiano.cz\\\/cs\\\/\"},{\"@type\":\"ListItem\",\"position\":2,\"name\":\"Podm\u00ednky z\u00e1pisu\"}]},{\"@type\":\"WebSite\",\"@id\":\"https:\\\/\\\/parlo-italiano.cz\\\/#website\",\"url\":\"https:\\\/\\\/parlo-italiano.cz\\\/\",\"name\":\"Parlo Italiano\",\"description\":\"Corsi di lingua italiana\",\"publisher\":{\"@id\":\"https:\\\/\\\/parlo-italiano.cz\\\/#organization\"},\"potentialAction\":[{\"@type\":\"SearchAction\",\"target\":{\"@type\":\"EntryPoint\",\"urlTemplate\":\"https:\\\/\\\/parlo-italiano.cz\\\/?s={search_term_string}\"},\"query-input\":{\"@type\":\"PropertyValueSpecification\",\"valueRequired\":true,\"valueName\":\"search_term_string\"}}],\"inLanguage\":\"cs\"},{\"@type\":\"Organization\",\"@id\":\"https:\\\/\\\/parlo-italiano.cz\\\/#organization\",\"name\":\"Istituto Italiano di Cultura Praga\",\"url\":\"https:\\\/\\\/parlo-italiano.cz\\\/\",\"logo\":{\"@type\":\"ImageObject\",\"inLanguage\":\"cs\",\"@id\":\"https:\\\/\\\/parlo-italiano.cz\\\/#\\\/schema\\\/logo\\\/image\\\/\",\"url\":\"https:\\\/\\\/parlo-italiano.cz\\\/wp-content\\\/uploads\\\/2020\\\/03\\\/logo_iic.png\",\"contentUrl\":\"https:\\\/\\\/parlo-italiano.cz\\\/wp-content\\\/uploads\\\/2020\\\/03\\\/logo_iic.png\",\"width\":230,\"height\":130,\"caption\":\"Istituto Italiano di Cultura Praga\"},\"image\":{\"@id\":\"https:\\\/\\\/parlo-italiano.cz\\\/#\\\/schema\\\/logo\\\/image\\\/\"}}]}<\/script>\n<!-- \/ Yoast SEO plugin. -->","yoast_head_json":{"title":"Podm\u00ednky z\u00e1pisu - Parlo Italiano","robots":{"index":"index","follow":"follow","max-snippet":"max-snippet:-1","max-image-preview":"max-image-preview:large","max-video-preview":"max-video-preview:-1"},"canonical":"https:\/\/parlo-italiano.cz\/cs\/podminky-zapisu\/","og_locale":"cs_CZ","og_type":"article","og_title":"Podm\u00ednky z\u00e1pisu - Parlo Italiano","og_description":"[vc_row css=&#8220;.vc_custom_1608818039005{padding-top: 20px !important;}&#8220;][vc_column][vc_tta_accordion color=&#8220;green&#8220; active_section=&#8220;1&#8243;][vc_tta_section title=&#8220;Podm\u00ednky z\u00e1pisu&#8220; tab_id=&#8220;1608817699398-6cf74bde-4f04&#8243;][vc_column_text]A. Kurzovn\u00e9 v pln\u00e9 v\u00fd\u0161i bude uhrazeno nejpozd\u011bji jeden t\u00fdden p\u0159ed za\u010d\u00e1tkem kurzu. B. Zapsan\u00fd student m\u016f\u017ee \u017e\u00e1dat vr\u00e1cen\u00ed kurzovn\u00e9ho pouze p\u0159ed za\u010d\u00e1tkem kurzu, vr\u00e1cen\u00e1 \u010d\u00e1stka bude sn\u00ed\u017eena o administrativn\u00ed poplatek ve v\u00fd\u0161i 300 K\u010d. Po za\u010d\u00e1tku kurzu Institut kurzovn\u00e9 nevrac\u00ed. C.","og_url":"https:\/\/parlo-italiano.cz\/cs\/podminky-zapisu\/","og_site_name":"Parlo Italiano","article_modified_time":"2023-09-29T12:34:03+00:00","twitter_card":"summary_large_image","twitter_misc":{"Odhadovan\u00e1 doba \u010dten\u00ed":"3 minuty"},"schema":{"@context":"https:\/\/schema.org","@graph":[{"@type":"WebPage","@id":"https:\/\/parlo-italiano.cz\/cs\/podminky-zapisu\/","url":"https:\/\/parlo-italiano.cz\/cs\/podminky-zapisu\/","name":"Podm\u00ednky z\u00e1pisu - Parlo Italiano","isPartOf":{"@id":"https:\/\/parlo-italiano.cz\/#website"},"datePublished":"2020-07-08T15:02:37+00:00","dateModified":"2023-09-29T12:34:03+00:00","breadcrumb":{"@id":"https:\/\/parlo-italiano.cz\/cs\/podminky-zapisu\/#breadcrumb"},"inLanguage":"cs","potentialAction":[{"@type":"ReadAction","target":["https:\/\/parlo-italiano.cz\/cs\/podminky-zapisu\/"]}]},{"@type":"BreadcrumbList","@id":"https:\/\/parlo-italiano.cz\/cs\/podminky-zapisu\/#breadcrumb","itemListElement":[{"@type":"ListItem","position":1,"name":"Home","item":"https:\/\/parlo-italiano.cz\/cs\/"},{"@type":"ListItem","position":2,"name":"Podm\u00ednky z\u00e1pisu"}]},{"@type":"WebSite","@id":"https:\/\/parlo-italiano.cz\/#website","url":"https:\/\/parlo-italiano.cz\/","name":"Parlo Italiano","description":"Corsi di lingua italiana","publisher":{"@id":"https:\/\/parlo-italiano.cz\/#organization"},"potentialAction":[{"@type":"SearchAction","target":{"@type":"EntryPoint","urlTemplate":"https:\/\/parlo-italiano.cz\/?s={search_term_string}"},"query-input":{"@type":"PropertyValueSpecification","valueRequired":true,"valueName":"search_term_string"}}],"inLanguage":"cs"},{"@type":"Organization","@id":"https:\/\/parlo-italiano.cz\/#organization","name":"Istituto Italiano di Cultura Praga","url":"https:\/\/parlo-italiano.cz\/","logo":{"@type":"ImageObject","inLanguage":"cs","@id":"https:\/\/parlo-italiano.cz\/#\/schema\/logo\/image\/","url":"https:\/\/parlo-italiano.cz\/wp-content\/uploads\/2020\/03\/logo_iic.png","contentUrl":"https:\/\/parlo-italiano.cz\/wp-content\/uploads\/2020\/03\/logo_iic.png","width":230,"height":130,"caption":"Istituto Italiano di Cultura Praga"},"image":{"@id":"https:\/\/parlo-italiano.cz\/#\/schema\/logo\/image\/"}}]}},"_links":{"self":[{"href":"https:\/\/parlo-italiano.cz\/cs\/wp-json\/wp\/v2\/pages\/14596","targetHints":{"allow":["GET"]}}],"collection":[{"href":"https:\/\/parlo-italiano.cz\/cs\/wp-json\/wp\/v2\/pages"}],"about":[{"href":"https:\/\/parlo-italiano.cz\/cs\/wp-json\/wp\/v2\/types\/page"}],"author":[{"embeddable":true,"href":"https:\/\/parlo-italiano.cz\/cs\/wp-json\/wp\/v2\/users\/2"}],"replies":[{"embeddable":true,"href":"https:\/\/parlo-italiano.cz\/cs\/wp-json\/wp\/v2\/comments?post=14596"}],"version-history":[{"count":4,"href":"https:\/\/parlo-italiano.cz\/cs\/wp-json\/wp\/v2\/pages\/14596\/revisions"}],"predecessor-version":[{"id":28313,"href":"https:\/\/parlo-italiano.cz\/cs\/wp-json\/wp\/v2\/pages\/14596\/revisions\/28313"}],"wp:attachment":[{"href":"https:\/\/parlo-italiano.cz\/cs\/wp-json\/wp\/v2\/media?parent=14596"}],"curies":[{"name":"wp","href":"https:\/\/api.w.org\/{rel}","templated":true}]}}