{"id":23749,"date":"2023-02-13T13:31:45","date_gmt":"2023-02-13T12:31:45","guid":{"rendered":"https:\/\/parlo-italiano.cz\/?page_id=23749"},"modified":"2025-12-01T16:08:21","modified_gmt":"2025-12-01T15:08:21","slug":"standardni-kurzy","status":"publish","type":"page","link":"https:\/\/parlo-italiano.cz\/cs\/standardni-kurzy\/","title":{"rendered":"Standardn\u00ed kurzy"},"content":{"rendered":"<section class=\"wpb-content-wrapper\"><p>[vc_row][vc_column][vc_column_text]<span style=\"font-weight: 400;\">Na\u0161e <strong>standardn\u00ed kurzy<\/strong> <strong>ital\u0161tiny<\/strong> jsou v souladu se Spole\u010dn\u00fdm evropsk\u00fdm referen\u010dn\u00edm r\u00e1mcem (<a href=\"https:\/\/www.coe.int\/en\/web\/common-european-framework-reference-languages\" target=\"_blank\" rel=\"noopener\">SERR<\/a>) pro znalost jazyk\u016f.<\/span><br \/>\n<span style=\"font-weight: 400;\">Program SERR je rozd\u011blen do \u0161esti hlavn\u00edch \u00farovn\u00ed: A1, A2, B1, B2, C1, C2. <\/span><br \/>\n<span style=\"font-weight: 400;\">Ka\u017ed\u00e1 \u00farove\u0148 vy\u017eaduje minim\u00e1ln\u00ed po\u010det hodin: od 90 do 150 hodin.<br \/>\nV\u00edce o \u00farovn\u00edch se dozv\u00edte <a href=\"https:\/\/parlo-italiano.cz\/cs\/vyuka\/#rozdeleni-kurzu\" target=\"_blank\" rel=\"noopener\" style=\"font-weight: 400;\">ZDE<\/a>.<\/span>[\/vc_column_text]\r\n\t<div class=\"edukul-spacer clearfix\" data-desktop=\"40\" data-mobi=\"40\" data-smobi=\"20\"><\/div>[vc_text_separator title=&#8220;Rozd\u011blen\u00ed kurz\u016f&#8220; i_icon_fontawesome=&#8220;fas fa-arrow-alt-circle-right&#8220; i_color=&#8220;green&#8220; i_size=&#8220;sm&#8220; title_align=&#8220;separator_align_left&#8220; align=&#8220;align_left&#8220; add_icon=&#8220;true&#8220;]\r\n\t<div class=\"edukul-spacer clearfix\" data-desktop=\"20\" data-mobi=\"20\" data-smobi=\"20\"><\/div>[vc_column_text]<span style=\"font-weight: 400;\">Abychom zaru\u010dili kvalitu v\u00fduky a respektovali po\u010det hodin p\u0159edpokl\u00e1dan\u00fd SERR, na\u0161e kurzy jsou rozd\u011bleny a organizov\u00e1ny do n\u00e1sleduj\u00edc\u00edch d\u00edl\u010d\u00edch \u00farovn\u00ed: <\/span><span style=\"font-weight: 400;\"><\/span>[\/vc_column_text]\r\n\t<div class=\"edukul-spacer clearfix\" data-desktop=\"20\" data-mobi=\"20\" data-smobi=\"10\"><\/div>[\/vc_column][\/vc_row][vc_row][vc_column width=&#8220;1\/2&#8243;][vc_column_text]<\/p>\n<ul>\n<li><span style=\"font-weight: 400;\"><strong>\u00darove\u0148 A1: <\/strong>A1a, A1b, A1c<\/span><\/li>\n<li><strong>\u00darove\u0148 A2: <\/strong>A2a, A2b, A2c<\/li>\n<li><strong>\u00darove\u0148 B1: <\/strong>B1a, B1b, B1c, B1d, B1e<\/li>\n<\/ul>\n<p>[\/vc_column_text][\/vc_column][vc_column width=&#8220;1\/2&#8243;][vc_column_text]<\/p>\n<ul>\n<li><strong>\u00darove\u0148 B2:<\/strong><span style=\"font-weight: 400;\"> <\/span>B2a, B2b, B2c<\/li>\n<li><strong>\u00darove\u0148 C1:<\/strong> C1a, C1b, C1c<\/li>\n<li><strong>\u00darove\u0148 C2:<\/strong> C2a, C2b, C2c<\/li>\n<\/ul>\n<p>[\/vc_column_text][\/vc_column][\/vc_row][vc_row][vc_column]\r\n\t<div class=\"edukul-spacer clearfix\" data-desktop=\"20\" data-mobi=\"20\" data-smobi=\"10\"><\/div>[vc_text_separator title=&#8220;Testy a struktura lekce&#8220; i_icon_fontawesome=&#8220;fas fa-arrow-alt-circle-right&#8220; i_color=&#8220;green&#8220; i_size=&#8220;sm&#8220; title_align=&#8220;separator_align_left&#8220; align=&#8220;align_left&#8220; add_icon=&#8220;true&#8220;]\r\n\t<div class=\"edukul-spacer clearfix\" data-desktop=\"20\" data-mobi=\"20\" data-smobi=\"10\"><\/div>[vc_column_text]<span style=\"font-weight: 400;\">Pro za\u0159azen\u00ed nov\u00fdch student\u016f do t\u0159\u00edd slou\u017e\u00ed vstupn\u00ed test. <\/span><br \/>\n<span style=\"font-weight: 400;\">Jedna u\u010debn\u00ed hodina trv\u00e1 60 minut a ka\u017ed\u00e1 lekce trv\u00e1 120 minut bez p\u0159est\u00e1vky.<\/span><br \/>\nT\u0159\u00edda se skl\u00e1d\u00e1 minim\u00e1ln\u011b ze 5 a maxim\u00e1ln\u011b z 12 student\u016f.<br \/>\n<span style=\"font-weight: 400;\">Na konci kurzu studenti absolvuj\u00ed online z\u00e1v\u011bre\u010dn\u00fd test.<\/span>[\/vc_column_text]\r\n\t<div class=\"edukul-spacer clearfix\" data-desktop=\"20\" data-mobi=\"20\" data-smobi=\"10\"><\/div>[vc_text_separator title=&#8220;Rozvrh a z\u00e1pis&#8220; i_icon_fontawesome=&#8220;fas fa-arrow-alt-circle-right&#8220; i_color=&#8220;green&#8220; i_size=&#8220;sm&#8220; title_align=&#8220;separator_align_left&#8220; align=&#8220;align_left&#8220; add_icon=&#8220;true&#8220;]\r\n\t<div class=\"edukul-spacer clearfix\" data-desktop=\"20\" data-mobi=\"20\" data-smobi=\"10\"><\/div>[vc_column_text]<span style=\"font-weight: 400;\">Standardn\u00ed kurzy jsou nab\u00edzeny v lednu, kv\u011btnu a z\u00e1\u0159\u00ed.<\/span><\/p>\n<p><strong><\/strong><span style=\"font-weight: 400;\">V\u00edce informac\u00ed naleznete na str\u00e1nce <a href=\"https:\/\/parlo-italiano.cz\/cs\/zapis\/\" target=\"_blank\" rel=\"noopener\">Z\u00c1PIS<\/a>.<\/span>[\/vc_column_text]\r\n\t<div class=\"edukul-spacer clearfix\" data-desktop=\"20\" data-mobi=\"20\" data-smobi=\"10\"><\/div>[vc_text_separator title=&#8220;Kurzy leden 2026&#8243; i_icon_fontawesome=&#8220;fas fa-arrow-alt-circle-right&#8220; i_color=&#8220;juicy_pink&#8220; i_size=&#8220;sm&#8220; title_align=&#8220;separator_align_left&#8220; align=&#8220;align_left&#8220; color=&#8220;juicy_pink&#8220; css_animation=&#8220;none&#8220; add_icon=&#8220;true&#8220;]\r\n\t<div class=\"edukul-spacer clearfix\" data-desktop=\"20\" data-mobi=\"20\" data-smobi=\"10\"><\/div>[vc_column_text]Standardn\u00ed kurzy za\u010d\u00ednaj\u00ed 28. ledna 2026.<\/p>\n<p>Trvaj\u00ed 14 t\u00fddn\u016f a konaj\u00ed se jednou t\u00fddn\u011b, v celkov\u00e9m rozsahu 28 hodin.<br \/>\nCena kurzu o d\u00e9lce 28 hodin je 5750 K\u010d.[\/vc_column_text]\r\n\t<div class=\"edukul-spacer clearfix\" data-desktop=\"20\" data-mobi=\"20\" data-smobi=\"10\"><\/div>[vc_text_separator title=&#8220;Vyberte si a kupte&#8220; i_icon_fontawesome=&#8220;fas fa-cart-arrow-down&#8220; i_color=&#8220;green&#8220; title_align=&#8220;separator_align_left&#8220; align=&#8220;align_left&#8220; add_icon=&#8220;true&#8220;]\r\n\t<div class=\"edukul-spacer clearfix\" data-desktop=\"20\" data-mobi=\"20\" data-smobi=\"10\"><\/div>[vc_column_text]Vyberte si kurz podle \u00farovn\u011b (A1, A2, B1 atd.). Kliknut\u00edm z\u00edsk\u00e1te v\u00edce informac\u00ed, vyberete si po\u017eadovanou pod\u00farove\u0148 (A1a, B1c, atd&#8230;) a zobraz\u00edte voln\u00e9 term\u00edny.<br \/>\nPot\u00e9 budete p\u0159esm\u011brov\u00e1ni na rezerva\u010dn\u00ed str\u00e1nku, kde dokon\u010d\u00edte objedn\u00e1vku a n\u00e1sledn\u011b m\u016f\u017eete prov\u00e9st platbu bankovn\u00edm p\u0159evodem.[\/vc_column_text][\/vc_column][\/vc_row][vc_row][vc_column]<div class=\"woocommerce columns-4 \"><ul class=\"products columns-4\">\n<li class=\"post-15530 product type-product status-publish has-post-thumbnail product_cat-kategorie-standardni-kurzy product_tag-a1-standard-cs first instock sold-individually shipping-taxable purchasable product-type-variable\">\n\t<div class=\"inner\">\n\t<a href=\"https:\/\/parlo-italiano.cz\/cs\/kategorie-standardni-kurzy\/a1-standardni\/\" class=\"woocommerce-LoopProduct-link woocommerce-loop-product__link\"><div class=\"product-thumbnail\"><img loading=\"lazy\" decoding=\"async\" width=\"550\" height=\"413\" src=\"https:\/\/parlo-italiano.cz\/wp-content\/uploads\/2020\/07\/pontedilegno-scaled-550x413.jpg\" class=\"attachment-woocommerce_thumbnail size-woocommerce_thumbnail\" alt=\"A1 Standardn\u00ed\" srcset=\"https:\/\/parlo-italiano.cz\/wp-content\/uploads\/2020\/07\/pontedilegno-scaled-550x413.jpg 550w, https:\/\/parlo-italiano.cz\/wp-content\/uploads\/2020\/07\/pontedilegno-300x225.jpg 300w, https:\/\/parlo-italiano.cz\/wp-content\/uploads\/2020\/07\/pontedilegno-1024x768.jpg 1024w, https:\/\/parlo-italiano.cz\/wp-content\/uploads\/2020\/07\/pontedilegno-768x576.jpg 768w, https:\/\/parlo-italiano.cz\/wp-content\/uploads\/2020\/07\/pontedilegno-1536x1152.jpg 1536w, https:\/\/parlo-italiano.cz\/wp-content\/uploads\/2020\/07\/pontedilegno-2048x1536.jpg 2048w\" sizes=\"auto, (max-width: 550px) 100vw, 550px\" \/><\/div><div class=\"product-info\"><h2 class=\"woocommerce-loop-product__title\">A1 Standardn\u00ed<\/h2>\r\n        <div class=\"product-cat\">Standardn\u00ed kurzy<\/div>\r\n\n\t<span class=\"price\"><span class=\"woocommerce-Price-amount amount\"><bdi>5 750&nbsp;<span class=\"woocommerce-Price-currencySymbol\">&#75;&#269;<\/span><\/bdi><\/span><\/span>\n<\/a><a href=\"https:\/\/parlo-italiano.cz\/cs\/kategorie-standardni-kurzy\/a1-standardni\/\" aria-describedby=\"woocommerce_loop_add_to_cart_link_describedby_15530\" data-quantity=\"1\" class=\"button product_type_variable add_to_cart_button\" data-product_id=\"15530\" data-product_sku=\"\" aria-label=\"Vyberte nastaven\u00ed pro &ldquo;A1 Standardn\u00ed&rdquo;\" rel=\"nofollow\">V\u00fdb\u011br mo\u017enost\u00ed<\/a>\t<span id=\"woocommerce_loop_add_to_cart_link_describedby_15530\" class=\"screen-reader-text\">\n\t\tTento produkt m\u00e1 v\u00edce variant. Mo\u017enosti lze vybrat na str\u00e1nce produktu\t<\/span>\n<\/div>\t<\/div>\n<\/li>\n<li class=\"post-31476 product type-product status-publish has-post-thumbnail product_cat-kategorie-standardni-kurzy product_tag-a1-standard-cs  instock sold-individually shipping-taxable purchasable product-type-variable\">\n\t<div class=\"inner\">\n\t<a href=\"https:\/\/parlo-italiano.cz\/cs\/kategorie-standardni-kurzy\/a1-standardni-copia\/\" class=\"woocommerce-LoopProduct-link woocommerce-loop-product__link\"><div class=\"product-thumbnail\"><img loading=\"lazy\" decoding=\"async\" width=\"550\" height=\"413\" src=\"https:\/\/parlo-italiano.cz\/wp-content\/uploads\/2020\/07\/pontedilegno-scaled-550x413.jpg\" class=\"attachment-woocommerce_thumbnail size-woocommerce_thumbnail\" alt=\"A1 Standardn\u00ed - Online\" srcset=\"https:\/\/parlo-italiano.cz\/wp-content\/uploads\/2020\/07\/pontedilegno-scaled-550x413.jpg 550w, https:\/\/parlo-italiano.cz\/wp-content\/uploads\/2020\/07\/pontedilegno-300x225.jpg 300w, https:\/\/parlo-italiano.cz\/wp-content\/uploads\/2020\/07\/pontedilegno-1024x768.jpg 1024w, https:\/\/parlo-italiano.cz\/wp-content\/uploads\/2020\/07\/pontedilegno-768x576.jpg 768w, https:\/\/parlo-italiano.cz\/wp-content\/uploads\/2020\/07\/pontedilegno-1536x1152.jpg 1536w, https:\/\/parlo-italiano.cz\/wp-content\/uploads\/2020\/07\/pontedilegno-2048x1536.jpg 2048w\" sizes=\"auto, (max-width: 550px) 100vw, 550px\" \/><\/div><div class=\"product-info\"><h2 class=\"woocommerce-loop-product__title\">A1 Standardn\u00ed &#8211; Online<\/h2>\r\n        <div class=\"product-cat\">Standardn\u00ed kurzy<\/div>\r\n\n\t<span class=\"price\"><span class=\"woocommerce-Price-amount amount\"><bdi>5 750&nbsp;<span class=\"woocommerce-Price-currencySymbol\">&#75;&#269;<\/span><\/bdi><\/span><\/span>\n<\/a><a href=\"https:\/\/parlo-italiano.cz\/cs\/kategorie-standardni-kurzy\/a1-standardni-copia\/\" aria-describedby=\"woocommerce_loop_add_to_cart_link_describedby_31476\" data-quantity=\"1\" class=\"button product_type_variable add_to_cart_button\" data-product_id=\"31476\" data-product_sku=\"\" aria-label=\"Vyberte nastaven\u00ed pro &ldquo;A1 Standardn\u00ed - Online&rdquo;\" rel=\"nofollow\">V\u00fdb\u011br mo\u017enost\u00ed<\/a>\t<span id=\"woocommerce_loop_add_to_cart_link_describedby_31476\" class=\"screen-reader-text\">\n\t\tTento produkt m\u00e1 v\u00edce variant. Mo\u017enosti lze vybrat na str\u00e1nce produktu\t<\/span>\n<\/div>\t<\/div>\n<\/li>\n<li class=\"post-24106 product type-product status-publish has-post-thumbnail product_cat-kategorie-standardni-kurzy product_tag-a2-standard-cs  instock sold-individually shipping-taxable purchasable product-type-variable\">\n\t<div class=\"inner\">\n\t<a href=\"https:\/\/parlo-italiano.cz\/cs\/kategorie-standardni-kurzy\/a2-standardni\/\" class=\"woocommerce-LoopProduct-link woocommerce-loop-product__link\"><div class=\"product-thumbnail\"><img loading=\"lazy\" decoding=\"async\" width=\"550\" height=\"367\" src=\"https:\/\/parlo-italiano.cz\/wp-content\/uploads\/2020\/07\/palermo-2-scaled-550x367.jpg\" class=\"attachment-woocommerce_thumbnail size-woocommerce_thumbnail\" alt=\"A2 Standardn\u00ed\" srcset=\"https:\/\/parlo-italiano.cz\/wp-content\/uploads\/2020\/07\/palermo-2-scaled-550x367.jpg 550w, https:\/\/parlo-italiano.cz\/wp-content\/uploads\/2020\/07\/palermo-2-300x200.jpg 300w, https:\/\/parlo-italiano.cz\/wp-content\/uploads\/2020\/07\/palermo-2-1024x683.jpg 1024w, https:\/\/parlo-italiano.cz\/wp-content\/uploads\/2020\/07\/palermo-2-768x512.jpg 768w, https:\/\/parlo-italiano.cz\/wp-content\/uploads\/2020\/07\/palermo-2-1536x1024.jpg 1536w, https:\/\/parlo-italiano.cz\/wp-content\/uploads\/2020\/07\/palermo-2-2048x1365.jpg 2048w\" sizes=\"auto, (max-width: 550px) 100vw, 550px\" \/><\/div><div class=\"product-info\"><h2 class=\"woocommerce-loop-product__title\">A2 Standardn\u00ed<\/h2>\r\n        <div class=\"product-cat\">Standardn\u00ed kurzy<\/div>\r\n\n\t<span class=\"price\"><span class=\"woocommerce-Price-amount amount\"><bdi>5 750&nbsp;<span class=\"woocommerce-Price-currencySymbol\">&#75;&#269;<\/span><\/bdi><\/span><\/span>\n<\/a><a href=\"https:\/\/parlo-italiano.cz\/cs\/kategorie-standardni-kurzy\/a2-standardni\/\" aria-describedby=\"woocommerce_loop_add_to_cart_link_describedby_24106\" data-quantity=\"1\" class=\"button product_type_variable add_to_cart_button\" data-product_id=\"24106\" data-product_sku=\"\" aria-label=\"Vyberte nastaven\u00ed pro &ldquo;A2 Standardn\u00ed&rdquo;\" rel=\"nofollow\">V\u00fdb\u011br mo\u017enost\u00ed<\/a>\t<span id=\"woocommerce_loop_add_to_cart_link_describedby_24106\" class=\"screen-reader-text\">\n\t\tTento produkt m\u00e1 v\u00edce variant. Mo\u017enosti lze vybrat na str\u00e1nce produktu\t<\/span>\n<\/div>\t<\/div>\n<\/li>\n<li class=\"post-31540 product type-product status-publish has-post-thumbnail product_cat-kategorie-standardni-kurzy last instock shipping-taxable purchasable product-type-variable has-default-attributes\">\n\t<div class=\"inner\">\n\t<a href=\"https:\/\/parlo-italiano.cz\/cs\/kategorie-standardni-kurzy\/b1-rinforzo\/\" class=\"woocommerce-LoopProduct-link woocommerce-loop-product__link\"><div class=\"product-thumbnail\"><img loading=\"lazy\" decoding=\"async\" width=\"550\" height=\"368\" src=\"https:\/\/parlo-italiano.cz\/wp-content\/uploads\/2020\/03\/7_1920-min-550x368.jpg\" class=\"attachment-woocommerce_thumbnail size-woocommerce_thumbnail\" alt=\"B1 Rinforzo\" srcset=\"https:\/\/parlo-italiano.cz\/wp-content\/uploads\/2020\/03\/7_1920-min-550x368.jpg 550w, https:\/\/parlo-italiano.cz\/wp-content\/uploads\/2020\/03\/7_1920-min-300x201.jpg 300w, https:\/\/parlo-italiano.cz\/wp-content\/uploads\/2020\/03\/7_1920-min-1024x685.jpg 1024w, https:\/\/parlo-italiano.cz\/wp-content\/uploads\/2020\/03\/7_1920-min-768x514.jpg 768w, https:\/\/parlo-italiano.cz\/wp-content\/uploads\/2020\/03\/7_1920-min-1536x1028.jpg 1536w, https:\/\/parlo-italiano.cz\/wp-content\/uploads\/2020\/03\/7_1920-min.jpg 1920w\" sizes=\"auto, (max-width: 550px) 100vw, 550px\" \/><\/div><div class=\"product-info\"><h2 class=\"woocommerce-loop-product__title\">B1 Rinforzo<\/h2>\r\n        <div class=\"product-cat\">Standardn\u00ed kurzy<\/div>\r\n\n\t<span class=\"price\"><span class=\"woocommerce-Price-amount amount\"><bdi>5 750&nbsp;<span class=\"woocommerce-Price-currencySymbol\">&#75;&#269;<\/span><\/bdi><\/span><\/span>\n<\/a><a href=\"https:\/\/parlo-italiano.cz\/cs\/kategorie-standardni-kurzy\/b1-rinforzo\/\" aria-describedby=\"woocommerce_loop_add_to_cart_link_describedby_31540\" data-quantity=\"1\" class=\"button product_type_variable add_to_cart_button\" data-product_id=\"31540\" data-product_sku=\"\" aria-label=\"Vyberte nastaven\u00ed pro &ldquo;B1 Rinforzo&rdquo;\" rel=\"nofollow\">V\u00fdb\u011br mo\u017enost\u00ed<\/a>\t<span id=\"woocommerce_loop_add_to_cart_link_describedby_31540\" class=\"screen-reader-text\">\n\t\tTento produkt m\u00e1 v\u00edce variant. Mo\u017enosti lze vybrat na str\u00e1nce produktu\t<\/span>\n<\/div>\t<\/div>\n<\/li>\n<li class=\"post-15574 product type-product status-publish has-post-thumbnail product_cat-kategorie-standardni-kurzy product_tag-b1-standard-cs first instock sold-individually shipping-taxable purchasable product-type-variable\">\n\t<div class=\"inner\">\n\t<a href=\"https:\/\/parlo-italiano.cz\/cs\/kategorie-standardni-kurzy\/b1-standardni\/\" class=\"woocommerce-LoopProduct-link woocommerce-loop-product__link\"><div class=\"product-thumbnail\"><img loading=\"lazy\" decoding=\"async\" width=\"550\" height=\"342\" src=\"https:\/\/parlo-italiano.cz\/wp-content\/uploads\/2023\/03\/gondole-venezia-550x342.jpg\" class=\"attachment-woocommerce_thumbnail size-woocommerce_thumbnail\" alt=\"B1 Standardn\u00ed\" srcset=\"https:\/\/parlo-italiano.cz\/wp-content\/uploads\/2023\/03\/gondole-venezia-550x342.jpg 550w, https:\/\/parlo-italiano.cz\/wp-content\/uploads\/2023\/03\/gondole-venezia-300x186.jpg 300w, https:\/\/parlo-italiano.cz\/wp-content\/uploads\/2023\/03\/gondole-venezia-1024x636.jpg 1024w, https:\/\/parlo-italiano.cz\/wp-content\/uploads\/2023\/03\/gondole-venezia-768x477.jpg 768w, https:\/\/parlo-italiano.cz\/wp-content\/uploads\/2023\/03\/gondole-venezia-1536x954.jpg 1536w, https:\/\/parlo-italiano.cz\/wp-content\/uploads\/2023\/03\/gondole-venezia-97x60.jpg 97w, https:\/\/parlo-italiano.cz\/wp-content\/uploads\/2023\/03\/gondole-venezia-145x90.jpg 145w, https:\/\/parlo-italiano.cz\/wp-content\/uploads\/2023\/03\/gondole-venezia.jpg 1920w\" sizes=\"auto, (max-width: 550px) 100vw, 550px\" \/><\/div><div class=\"product-info\"><h2 class=\"woocommerce-loop-product__title\">B1 Standardn\u00ed<\/h2>\r\n        <div class=\"product-cat\">Standardn\u00ed kurzy<\/div>\r\n\n\t<span class=\"price\"><span class=\"woocommerce-Price-amount amount\"><bdi>5 750&nbsp;<span class=\"woocommerce-Price-currencySymbol\">&#75;&#269;<\/span><\/bdi><\/span><\/span>\n<\/a><a href=\"https:\/\/parlo-italiano.cz\/cs\/kategorie-standardni-kurzy\/b1-standardni\/\" aria-describedby=\"woocommerce_loop_add_to_cart_link_describedby_15574\" data-quantity=\"1\" class=\"button product_type_variable add_to_cart_button\" data-product_id=\"15574\" data-product_sku=\"\" aria-label=\"Vyberte nastaven\u00ed pro &ldquo;B1 Standardn\u00ed&rdquo;\" rel=\"nofollow\">V\u00fdb\u011br mo\u017enost\u00ed<\/a>\t<span id=\"woocommerce_loop_add_to_cart_link_describedby_15574\" class=\"screen-reader-text\">\n\t\tTento produkt m\u00e1 v\u00edce variant. Mo\u017enosti lze vybrat na str\u00e1nce produktu\t<\/span>\n<\/div>\t<\/div>\n<\/li>\n<li class=\"post-32293 product type-product status-publish has-post-thumbnail product_cat-kategorie-standardni-kurzy  instock shipping-taxable purchasable product-type-variable has-default-attributes\">\n\t<div class=\"inner\">\n\t<a href=\"https:\/\/parlo-italiano.cz\/cs\/kategorie-standardni-kurzy\/b2-c1-rinforzo-2\/\" class=\"woocommerce-LoopProduct-link woocommerce-loop-product__link\"><div class=\"product-thumbnail\"><img loading=\"lazy\" decoding=\"async\" width=\"550\" height=\"385\" src=\"https:\/\/parlo-italiano.cz\/wp-content\/uploads\/2020\/03\/5048_1920-min-550x385.jpg\" class=\"attachment-woocommerce_thumbnail size-woocommerce_thumbnail\" alt=\"B2 \u2013 C1 Rinforzo (2)\" srcset=\"https:\/\/parlo-italiano.cz\/wp-content\/uploads\/2020\/03\/5048_1920-min-550x385.jpg 550w, https:\/\/parlo-italiano.cz\/wp-content\/uploads\/2020\/03\/5048_1920-min-300x210.jpg 300w, https:\/\/parlo-italiano.cz\/wp-content\/uploads\/2020\/03\/5048_1920-min-1024x716.jpg 1024w, https:\/\/parlo-italiano.cz\/wp-content\/uploads\/2020\/03\/5048_1920-min-768x537.jpg 768w, https:\/\/parlo-italiano.cz\/wp-content\/uploads\/2020\/03\/5048_1920-min-1536x1074.jpg 1536w, https:\/\/parlo-italiano.cz\/wp-content\/uploads\/2020\/03\/5048_1920-min.jpg 1920w\" sizes=\"auto, (max-width: 550px) 100vw, 550px\" \/><\/div><div class=\"product-info\"><h2 class=\"woocommerce-loop-product__title\">B2 \u2013 C1 Rinforzo (2)<\/h2>\r\n        <div class=\"product-cat\">Standardn\u00ed kurzy<\/div>\r\n\n\t<span class=\"price\"><span class=\"woocommerce-Price-amount amount\"><bdi>5 750&nbsp;<span class=\"woocommerce-Price-currencySymbol\">&#75;&#269;<\/span><\/bdi><\/span><\/span>\n<\/a><a href=\"https:\/\/parlo-italiano.cz\/cs\/kategorie-standardni-kurzy\/b2-c1-rinforzo-2\/\" aria-describedby=\"woocommerce_loop_add_to_cart_link_describedby_32293\" data-quantity=\"1\" class=\"button product_type_variable add_to_cart_button\" data-product_id=\"32293\" data-product_sku=\"\" aria-label=\"Vyberte nastaven\u00ed pro &ldquo;B2 \u2013 C1 Rinforzo (2)&rdquo;\" rel=\"nofollow\">V\u00fdb\u011br mo\u017enost\u00ed<\/a>\t<span id=\"woocommerce_loop_add_to_cart_link_describedby_32293\" class=\"screen-reader-text\">\n\t\tTento produkt m\u00e1 v\u00edce variant. Mo\u017enosti lze vybrat na str\u00e1nce produktu\t<\/span>\n<\/div>\t<\/div>\n<\/li>\n<li class=\"post-15621 product type-product status-publish has-post-thumbnail product_cat-kategorie-standardni-kurzy product_tag-b2-standard-cs  instock featured sold-individually shipping-taxable purchasable product-type-variable\">\n\t<div class=\"inner\">\n\t<a href=\"https:\/\/parlo-italiano.cz\/cs\/kategorie-standardni-kurzy\/b2-standardni\/\" class=\"woocommerce-LoopProduct-link woocommerce-loop-product__link\"><div class=\"product-thumbnail\"><img loading=\"lazy\" decoding=\"async\" width=\"550\" height=\"367\" src=\"https:\/\/parlo-italiano.cz\/wp-content\/uploads\/2020\/07\/selinunte3-scaled-550x367.jpg\" class=\"attachment-woocommerce_thumbnail size-woocommerce_thumbnail\" alt=\"B2 Standardn\u00ed\" srcset=\"https:\/\/parlo-italiano.cz\/wp-content\/uploads\/2020\/07\/selinunte3-scaled-550x367.jpg 550w, https:\/\/parlo-italiano.cz\/wp-content\/uploads\/2020\/07\/selinunte3-300x200.jpg 300w, https:\/\/parlo-italiano.cz\/wp-content\/uploads\/2020\/07\/selinunte3-1024x683.jpg 1024w, https:\/\/parlo-italiano.cz\/wp-content\/uploads\/2020\/07\/selinunte3-768x512.jpg 768w, https:\/\/parlo-italiano.cz\/wp-content\/uploads\/2020\/07\/selinunte3-1536x1024.jpg 1536w, https:\/\/parlo-italiano.cz\/wp-content\/uploads\/2020\/07\/selinunte3-2048x1365.jpg 2048w\" sizes=\"auto, (max-width: 550px) 100vw, 550px\" \/><\/div><div class=\"product-info\"><h2 class=\"woocommerce-loop-product__title\">B2 Standardn\u00ed<\/h2>\r\n        <div class=\"product-cat\">Standardn\u00ed kurzy<\/div>\r\n\n\t<span class=\"price\"><span class=\"woocommerce-Price-amount amount\"><bdi>5 750&nbsp;<span class=\"woocommerce-Price-currencySymbol\">&#75;&#269;<\/span><\/bdi><\/span><\/span>\n<\/a><a href=\"https:\/\/parlo-italiano.cz\/cs\/kategorie-standardni-kurzy\/b2-standardni\/\" aria-describedby=\"woocommerce_loop_add_to_cart_link_describedby_15621\" data-quantity=\"1\" class=\"button product_type_variable add_to_cart_button\" data-product_id=\"15621\" data-product_sku=\"\" aria-label=\"Vyberte nastaven\u00ed pro &ldquo;B2 Standardn\u00ed&rdquo;\" rel=\"nofollow\">V\u00fdb\u011br mo\u017enost\u00ed<\/a>\t<span id=\"woocommerce_loop_add_to_cart_link_describedby_15621\" class=\"screen-reader-text\">\n\t\tTento produkt m\u00e1 v\u00edce variant. Mo\u017enosti lze vybrat na str\u00e1nce produktu\t<\/span>\n<\/div>\t<\/div>\n<\/li>\n<li class=\"post-15635 product type-product status-publish has-post-thumbnail product_cat-kategorie-standardni-kurzy product_tag-c1-standard-cs last instock sold-individually shipping-taxable purchasable product-type-variable\">\n\t<div class=\"inner\">\n\t<a href=\"https:\/\/parlo-italiano.cz\/cs\/kategorie-standardni-kurzy\/c1-standardni\/\" class=\"woocommerce-LoopProduct-link woocommerce-loop-product__link\"><div class=\"product-thumbnail\"><img loading=\"lazy\" decoding=\"async\" width=\"550\" height=\"413\" src=\"https:\/\/parlo-italiano.cz\/wp-content\/uploads\/2020\/07\/pescara-scaled-550x413.jpg\" class=\"attachment-woocommerce_thumbnail size-woocommerce_thumbnail\" alt=\"C1 Standardn\u00ed\" srcset=\"https:\/\/parlo-italiano.cz\/wp-content\/uploads\/2020\/07\/pescara-scaled-550x413.jpg 550w, https:\/\/parlo-italiano.cz\/wp-content\/uploads\/2020\/07\/pescara-300x225.jpg 300w, https:\/\/parlo-italiano.cz\/wp-content\/uploads\/2020\/07\/pescara-1024x768.jpg 1024w, https:\/\/parlo-italiano.cz\/wp-content\/uploads\/2020\/07\/pescara-768x576.jpg 768w, https:\/\/parlo-italiano.cz\/wp-content\/uploads\/2020\/07\/pescara-1536x1152.jpg 1536w, https:\/\/parlo-italiano.cz\/wp-content\/uploads\/2020\/07\/pescara-2048x1536.jpg 2048w\" sizes=\"auto, (max-width: 550px) 100vw, 550px\" \/><\/div><div class=\"product-info\"><h2 class=\"woocommerce-loop-product__title\">C1 Standardn\u00ed<\/h2>\r\n        <div class=\"product-cat\">Standardn\u00ed kurzy<\/div>\r\n\n\t<span class=\"price\"><span class=\"woocommerce-Price-amount amount\"><bdi>5 750&nbsp;<span class=\"woocommerce-Price-currencySymbol\">&#75;&#269;<\/span><\/bdi><\/span><\/span>\n<\/a><a href=\"https:\/\/parlo-italiano.cz\/cs\/kategorie-standardni-kurzy\/c1-standardni\/\" aria-describedby=\"woocommerce_loop_add_to_cart_link_describedby_15635\" data-quantity=\"1\" class=\"button product_type_variable add_to_cart_button\" data-product_id=\"15635\" data-product_sku=\"\" aria-label=\"Vyberte nastaven\u00ed pro &ldquo;C1 Standardn\u00ed&rdquo;\" rel=\"nofollow\">V\u00fdb\u011br mo\u017enost\u00ed<\/a>\t<span id=\"woocommerce_loop_add_to_cart_link_describedby_15635\" class=\"screen-reader-text\">\n\t\tTento produkt m\u00e1 v\u00edce variant. Mo\u017enosti lze vybrat na str\u00e1nce produktu\t<\/span>\n<\/div>\t<\/div>\n<\/li>\n<li class=\"post-28084 product type-product status-publish has-post-thumbnail product_cat-kategorie-standardni-kurzy product_tag-c1-standard-cs first instock virtual sold-individually purchasable product-type-simple\">\n\t<div class=\"inner\">\n\t<a href=\"https:\/\/parlo-italiano.cz\/cs\/kategorie-standardni-kurzy\/c1r-62\/\" class=\"woocommerce-LoopProduct-link woocommerce-loop-product__link\"><div class=\"product-thumbnail\"><img loading=\"lazy\" decoding=\"async\" width=\"550\" height=\"367\" src=\"https:\/\/parlo-italiano.cz\/wp-content\/uploads\/2023\/03\/genoa-g6b60fa253_1920-550x367.jpg\" class=\"attachment-woocommerce_thumbnail size-woocommerce_thumbnail\" alt=\"C1R- 63\" srcset=\"https:\/\/parlo-italiano.cz\/wp-content\/uploads\/2023\/03\/genoa-g6b60fa253_1920-550x367.jpg 550w, https:\/\/parlo-italiano.cz\/wp-content\/uploads\/2023\/03\/genoa-g6b60fa253_1920-300x200.jpg 300w, https:\/\/parlo-italiano.cz\/wp-content\/uploads\/2023\/03\/genoa-g6b60fa253_1920-1024x683.jpg 1024w, https:\/\/parlo-italiano.cz\/wp-content\/uploads\/2023\/03\/genoa-g6b60fa253_1920-768x512.jpg 768w, https:\/\/parlo-italiano.cz\/wp-content\/uploads\/2023\/03\/genoa-g6b60fa253_1920-1536x1024.jpg 1536w, https:\/\/parlo-italiano.cz\/wp-content\/uploads\/2023\/03\/genoa-g6b60fa253_1920-90x60.jpg 90w, https:\/\/parlo-italiano.cz\/wp-content\/uploads\/2023\/03\/genoa-g6b60fa253_1920-135x90.jpg 135w, https:\/\/parlo-italiano.cz\/wp-content\/uploads\/2023\/03\/genoa-g6b60fa253_1920.jpg 1920w\" sizes=\"auto, (max-width: 550px) 100vw, 550px\" \/><\/div><div class=\"product-info\"><h2 class=\"woocommerce-loop-product__title\">C1R- 63<\/h2>\r\n        <div class=\"product-cat\">Standardn\u00ed kurzy<\/div>\r\n\n\t<span class=\"price\"><span class=\"woocommerce-Price-amount amount\"><bdi>5 750&nbsp;<span class=\"woocommerce-Price-currencySymbol\">&#75;&#269;<\/span><\/bdi><\/span><\/span>\n<\/a><a href=\"\/cs\/wp-json\/wp\/v2\/pages\/23749?add-to-cart=28084\" aria-describedby=\"woocommerce_loop_add_to_cart_link_describedby_28084\" data-quantity=\"1\" class=\"button product_type_simple add_to_cart_button ajax_add_to_cart\" data-product_id=\"28084\" data-product_sku=\"\" aria-label=\"P\u0159idat do ko\u0161\u00edku: &ldquo;C1R- 63&rdquo;\" rel=\"nofollow\" data-success_message=\"&ldquo;C1R- 63&rdquo; byl p\u0159id\u00e1n do ko\u0161\u00edku\" role=\"button\">P\u0159idat do ko\u0161\u00edku<\/a>\t<span id=\"woocommerce_loop_add_to_cart_link_describedby_28084\" class=\"screen-reader-text\">\n\t\t\t<\/span>\n<\/div>\t<\/div>\n<\/li>\n<li class=\"post-28914 product type-product status-publish has-post-thumbnail product_cat-kategorie-standardni-kurzy product_tag-c2-standardni  instock sold-individually shipping-taxable purchasable product-type-variable\">\n\t<div class=\"inner\">\n\t<a href=\"https:\/\/parlo-italiano.cz\/cs\/kategorie-standardni-kurzy\/c2b-standardni\/\" class=\"woocommerce-LoopProduct-link woocommerce-loop-product__link\"><div class=\"product-thumbnail\"><img loading=\"lazy\" decoding=\"async\" width=\"550\" height=\"367\" src=\"https:\/\/parlo-italiano.cz\/wp-content\/uploads\/2023\/08\/matera-2777181_1920-550x367.jpg\" class=\"attachment-woocommerce_thumbnail size-woocommerce_thumbnail\" alt=\"C2b Standardn\u00ed\" srcset=\"https:\/\/parlo-italiano.cz\/wp-content\/uploads\/2023\/08\/matera-2777181_1920-550x367.jpg 550w, https:\/\/parlo-italiano.cz\/wp-content\/uploads\/2023\/08\/matera-2777181_1920-300x200.jpg 300w, https:\/\/parlo-italiano.cz\/wp-content\/uploads\/2023\/08\/matera-2777181_1920-1024x683.jpg 1024w, https:\/\/parlo-italiano.cz\/wp-content\/uploads\/2023\/08\/matera-2777181_1920-768x512.jpg 768w, https:\/\/parlo-italiano.cz\/wp-content\/uploads\/2023\/08\/matera-2777181_1920-1536x1024.jpg 1536w, https:\/\/parlo-italiano.cz\/wp-content\/uploads\/2023\/08\/matera-2777181_1920.jpg 1920w\" sizes=\"auto, (max-width: 550px) 100vw, 550px\" \/><\/div><div class=\"product-info\"><h2 class=\"woocommerce-loop-product__title\">C2b Standardn\u00ed<\/h2>\r\n        <div class=\"product-cat\">Standardn\u00ed kurzy<\/div>\r\n\n\t<span class=\"price\"><span class=\"woocommerce-Price-amount amount\"><bdi>5 750&nbsp;<span class=\"woocommerce-Price-currencySymbol\">&#75;&#269;<\/span><\/bdi><\/span><\/span>\n<\/a><a href=\"https:\/\/parlo-italiano.cz\/cs\/kategorie-standardni-kurzy\/c2b-standardni\/\" aria-describedby=\"woocommerce_loop_add_to_cart_link_describedby_28914\" data-quantity=\"1\" class=\"button product_type_variable add_to_cart_button\" data-product_id=\"28914\" data-product_sku=\"\" aria-label=\"Vyberte nastaven\u00ed pro &ldquo;C2b Standardn\u00ed&rdquo;\" rel=\"nofollow\">V\u00fdb\u011br mo\u017enost\u00ed<\/a>\t<span id=\"woocommerce_loop_add_to_cart_link_describedby_28914\" class=\"screen-reader-text\">\n\t\tTento produkt m\u00e1 v\u00edce variant. Mo\u017enosti lze vybrat na str\u00e1nce produktu\t<\/span>\n<\/div>\t<\/div>\n<\/li>\n<li class=\"post-30341 product type-product status-publish has-post-thumbnail product_cat-kategorie-standardni-kurzy product_tag-c2-standardni  instock sold-individually shipping-taxable purchasable product-type-variable\">\n\t<div class=\"inner\">\n\t<a href=\"https:\/\/parlo-italiano.cz\/cs\/kategorie-standardni-kurzy\/c2c-standardni\/\" class=\"woocommerce-LoopProduct-link woocommerce-loop-product__link\"><div class=\"product-thumbnail\"><img loading=\"lazy\" decoding=\"async\" width=\"550\" height=\"367\" src=\"https:\/\/parlo-italiano.cz\/wp-content\/uploads\/2023\/08\/matera-2777181_1920-550x367.jpg\" class=\"attachment-woocommerce_thumbnail size-woocommerce_thumbnail\" alt=\"C2c Standardn\u00ed\" srcset=\"https:\/\/parlo-italiano.cz\/wp-content\/uploads\/2023\/08\/matera-2777181_1920-550x367.jpg 550w, https:\/\/parlo-italiano.cz\/wp-content\/uploads\/2023\/08\/matera-2777181_1920-300x200.jpg 300w, https:\/\/parlo-italiano.cz\/wp-content\/uploads\/2023\/08\/matera-2777181_1920-1024x683.jpg 1024w, https:\/\/parlo-italiano.cz\/wp-content\/uploads\/2023\/08\/matera-2777181_1920-768x512.jpg 768w, https:\/\/parlo-italiano.cz\/wp-content\/uploads\/2023\/08\/matera-2777181_1920-1536x1024.jpg 1536w, https:\/\/parlo-italiano.cz\/wp-content\/uploads\/2023\/08\/matera-2777181_1920.jpg 1920w\" sizes=\"auto, (max-width: 550px) 100vw, 550px\" \/><\/div><div class=\"product-info\"><h2 class=\"woocommerce-loop-product__title\">C2c Standardn\u00ed<\/h2>\r\n        <div class=\"product-cat\">Standardn\u00ed kurzy<\/div>\r\n\n\t<span class=\"price\"><span class=\"woocommerce-Price-amount amount\"><bdi>5 750&nbsp;<span class=\"woocommerce-Price-currencySymbol\">&#75;&#269;<\/span><\/bdi><\/span><\/span>\n<\/a><a href=\"https:\/\/parlo-italiano.cz\/cs\/kategorie-standardni-kurzy\/c2c-standardni\/\" aria-describedby=\"woocommerce_loop_add_to_cart_link_describedby_30341\" data-quantity=\"1\" class=\"button product_type_variable add_to_cart_button\" data-product_id=\"30341\" data-product_sku=\"\" aria-label=\"Vyberte nastaven\u00ed pro &ldquo;C2c Standardn\u00ed&rdquo;\" rel=\"nofollow\">V\u00fdb\u011br mo\u017enost\u00ed<\/a>\t<span id=\"woocommerce_loop_add_to_cart_link_describedby_30341\" class=\"screen-reader-text\">\n\t\tTento produkt m\u00e1 v\u00edce variant. Mo\u017enosti lze vybrat na str\u00e1nce produktu\t<\/span>\n<\/div>\t<\/div>\n<\/li>\n<li class=\"post-15925 product type-product status-publish has-post-thumbnail product_cat-kategorie-standardni-kurzy product_tag-konverzace-b2 last instock virtual sold-individually purchasable product-type-simple\">\n\t<div class=\"inner\">\n\t<a href=\"https:\/\/parlo-italiano.cz\/cs\/kategorie-standardni-kurzy\/konverzace-b2\/\" class=\"woocommerce-LoopProduct-link woocommerce-loop-product__link\"><div class=\"product-thumbnail\"><img loading=\"lazy\" decoding=\"async\" width=\"550\" height=\"413\" src=\"https:\/\/parlo-italiano.cz\/wp-content\/uploads\/2020\/08\/IMG_2100-550x413.jpeg\" class=\"attachment-woocommerce_thumbnail size-woocommerce_thumbnail\" alt=\"Konverzace B2\" srcset=\"https:\/\/parlo-italiano.cz\/wp-content\/uploads\/2020\/08\/IMG_2100-550x413.jpeg 550w, https:\/\/parlo-italiano.cz\/wp-content\/uploads\/2020\/08\/IMG_2100-300x225.jpeg 300w, https:\/\/parlo-italiano.cz\/wp-content\/uploads\/2020\/08\/IMG_2100-1024x768.jpeg 1024w, https:\/\/parlo-italiano.cz\/wp-content\/uploads\/2020\/08\/IMG_2100-768x576.jpeg 768w, https:\/\/parlo-italiano.cz\/wp-content\/uploads\/2020\/08\/IMG_2100-1536x1152.jpeg 1536w, https:\/\/parlo-italiano.cz\/wp-content\/uploads\/2020\/08\/IMG_2100-2048x1536.jpeg 2048w\" sizes=\"auto, (max-width: 550px) 100vw, 550px\" \/><\/div><div class=\"product-info\"><h2 class=\"woocommerce-loop-product__title\">Konverzace B2<\/h2>\r\n        <div class=\"product-cat\">Standardn\u00ed kurzy<\/div>\r\n\n\t<span class=\"price\"><span class=\"woocommerce-Price-amount amount\"><bdi>5 750&nbsp;<span class=\"woocommerce-Price-currencySymbol\">&#75;&#269;<\/span><\/bdi><\/span><\/span>\n<\/a><a href=\"\/cs\/wp-json\/wp\/v2\/pages\/23749?add-to-cart=15925\" aria-describedby=\"woocommerce_loop_add_to_cart_link_describedby_15925\" data-quantity=\"1\" class=\"button product_type_simple add_to_cart_button ajax_add_to_cart\" data-product_id=\"15925\" data-product_sku=\"\" aria-label=\"P\u0159idat do ko\u0161\u00edku: &ldquo;Konverzace B2&rdquo;\" rel=\"nofollow\" data-success_message=\"&ldquo;Konverzace B2&rdquo; byl p\u0159id\u00e1n do ko\u0161\u00edku\" role=\"button\">P\u0159idat do ko\u0161\u00edku<\/a>\t<span id=\"woocommerce_loop_add_to_cart_link_describedby_15925\" class=\"screen-reader-text\">\n\t\t\t<\/span>\n<\/div>\t<\/div>\n<\/li>\n<\/ul>\n<\/div>[\/vc_column][\/vc_row]<\/p>\n<\/section>","protected":false},"excerpt":{"rendered":"<p>[vc_row][vc_column][vc_column_text]Na\u0161e standardn\u00ed kurzy ital\u0161tiny jsou v souladu se Spole\u010dn\u00fdm evropsk\u00fdm referen\u010dn\u00edm r\u00e1mcem (SERR) pro znalost jazyk\u016f. Program SERR je rozd\u011blen do \u0161esti hlavn\u00edch \u00farovn\u00ed: A1, A2, B1, B2, C1, C2. Ka\u017ed\u00e1 \u00farove\u0148 vy\u017eaduje minim\u00e1ln\u00ed po\u010det hodin: od 90 do 150 hodin. V\u00edce o \u00farovn\u00edch se dozv\u00edte ZDE.[\/vc_column_text][vc_text_separator title=&#8220;Rozd\u011blen\u00ed kurz\u016f&#8220; i_icon_fontawesome=&#8220;fas<\/p>\n","protected":false},"author":2,"featured_media":0,"parent":0,"menu_order":0,"comment_status":"closed","ping_status":"closed","template":"","meta":{"footnotes":""},"class_list":["post-23749","page","type-page","status-publish","hentry"],"yoast_head":"<!-- This site is optimized with the Yoast SEO plugin v27.4 - https:\/\/yoast.com\/product\/yoast-seo-wordpress\/ -->\n<title>Standardn\u00ed kurzy - Parlo Italiano<\/title>\n<meta name=\"robots\" content=\"index, follow, max-snippet:-1, max-image-preview:large, max-video-preview:-1\" \/>\n<link rel=\"canonical\" href=\"https:\/\/parlo-italiano.cz\/cs\/standardni-kurzy\/\" \/>\n<meta property=\"og:locale\" content=\"cs_CZ\" \/>\n<meta property=\"og:type\" content=\"article\" \/>\n<meta property=\"og:title\" content=\"Standardn\u00ed kurzy - Parlo Italiano\" \/>\n<meta property=\"og:description\" content=\"[vc_row][vc_column][vc_column_text]Na\u0161e standardn\u00ed kurzy ital\u0161tiny jsou v souladu se Spole\u010dn\u00fdm evropsk\u00fdm referen\u010dn\u00edm r\u00e1mcem (SERR) pro znalost jazyk\u016f. Program SERR je rozd\u011blen do \u0161esti hlavn\u00edch \u00farovn\u00ed: A1, A2, B1, B2, C1, C2. Ka\u017ed\u00e1 \u00farove\u0148 vy\u017eaduje minim\u00e1ln\u00ed po\u010det hodin: od 90 do 150 hodin. V\u00edce o \u00farovn\u00edch se dozv\u00edte ZDE.[\/vc_column_text][vc_text_separator title=&#8220;Rozd\u011blen\u00ed kurz\u016f&#8220; i_icon_fontawesome=&#8220;fas\" \/>\n<meta property=\"og:url\" content=\"https:\/\/parlo-italiano.cz\/cs\/standardni-kurzy\/\" \/>\n<meta property=\"og:site_name\" content=\"Parlo Italiano\" \/>\n<meta property=\"article:modified_time\" content=\"2025-12-01T15:08:21+00:00\" \/>\n<meta name=\"twitter:card\" content=\"summary_large_image\" \/>\n<meta name=\"twitter:label1\" content=\"Odhadovan\u00e1 doba \u010dten\u00ed\" \/>\n\t<meta name=\"twitter:data1\" content=\"2 minuty\" \/>\n<script type=\"application\/ld+json\" class=\"yoast-schema-graph\">{\"@context\":\"https:\\\/\\\/schema.org\",\"@graph\":[{\"@type\":\"WebPage\",\"@id\":\"https:\\\/\\\/parlo-italiano.cz\\\/cs\\\/standardni-kurzy\\\/\",\"url\":\"https:\\\/\\\/parlo-italiano.cz\\\/cs\\\/standardni-kurzy\\\/\",\"name\":\"Standardn\u00ed kurzy - Parlo Italiano\",\"isPartOf\":{\"@id\":\"https:\\\/\\\/parlo-italiano.cz\\\/#website\"},\"datePublished\":\"2023-02-13T12:31:45+00:00\",\"dateModified\":\"2025-12-01T15:08:21+00:00\",\"breadcrumb\":{\"@id\":\"https:\\\/\\\/parlo-italiano.cz\\\/cs\\\/standardni-kurzy\\\/#breadcrumb\"},\"inLanguage\":\"cs\",\"potentialAction\":[{\"@type\":\"ReadAction\",\"target\":[\"https:\\\/\\\/parlo-italiano.cz\\\/cs\\\/standardni-kurzy\\\/\"]}]},{\"@type\":\"BreadcrumbList\",\"@id\":\"https:\\\/\\\/parlo-italiano.cz\\\/cs\\\/standardni-kurzy\\\/#breadcrumb\",\"itemListElement\":[{\"@type\":\"ListItem\",\"position\":1,\"name\":\"Home\",\"item\":\"https:\\\/\\\/parlo-italiano.cz\\\/cs\\\/\"},{\"@type\":\"ListItem\",\"position\":2,\"name\":\"Standardn\u00ed kurzy\"}]},{\"@type\":\"WebSite\",\"@id\":\"https:\\\/\\\/parlo-italiano.cz\\\/#website\",\"url\":\"https:\\\/\\\/parlo-italiano.cz\\\/\",\"name\":\"Parlo Italiano\",\"description\":\"Corsi di lingua italiana\",\"publisher\":{\"@id\":\"https:\\\/\\\/parlo-italiano.cz\\\/#organization\"},\"potentialAction\":[{\"@type\":\"SearchAction\",\"target\":{\"@type\":\"EntryPoint\",\"urlTemplate\":\"https:\\\/\\\/parlo-italiano.cz\\\/?s={search_term_string}\"},\"query-input\":{\"@type\":\"PropertyValueSpecification\",\"valueRequired\":true,\"valueName\":\"search_term_string\"}}],\"inLanguage\":\"cs\"},{\"@type\":\"Organization\",\"@id\":\"https:\\\/\\\/parlo-italiano.cz\\\/#organization\",\"name\":\"Istituto Italiano di Cultura Praga\",\"url\":\"https:\\\/\\\/parlo-italiano.cz\\\/\",\"logo\":{\"@type\":\"ImageObject\",\"inLanguage\":\"cs\",\"@id\":\"https:\\\/\\\/parlo-italiano.cz\\\/#\\\/schema\\\/logo\\\/image\\\/\",\"url\":\"https:\\\/\\\/parlo-italiano.cz\\\/wp-content\\\/uploads\\\/2020\\\/03\\\/logo_iic.png\",\"contentUrl\":\"https:\\\/\\\/parlo-italiano.cz\\\/wp-content\\\/uploads\\\/2020\\\/03\\\/logo_iic.png\",\"width\":230,\"height\":130,\"caption\":\"Istituto Italiano di Cultura Praga\"},\"image\":{\"@id\":\"https:\\\/\\\/parlo-italiano.cz\\\/#\\\/schema\\\/logo\\\/image\\\/\"}}]}<\/script>\n<!-- \/ Yoast SEO plugin. -->","yoast_head_json":{"title":"Standardn\u00ed kurzy - Parlo Italiano","robots":{"index":"index","follow":"follow","max-snippet":"max-snippet:-1","max-image-preview":"max-image-preview:large","max-video-preview":"max-video-preview:-1"},"canonical":"https:\/\/parlo-italiano.cz\/cs\/standardni-kurzy\/","og_locale":"cs_CZ","og_type":"article","og_title":"Standardn\u00ed kurzy - Parlo Italiano","og_description":"[vc_row][vc_column][vc_column_text]Na\u0161e standardn\u00ed kurzy ital\u0161tiny jsou v souladu se Spole\u010dn\u00fdm evropsk\u00fdm referen\u010dn\u00edm r\u00e1mcem (SERR) pro znalost jazyk\u016f. Program SERR je rozd\u011blen do \u0161esti hlavn\u00edch \u00farovn\u00ed: A1, A2, B1, B2, C1, C2. Ka\u017ed\u00e1 \u00farove\u0148 vy\u017eaduje minim\u00e1ln\u00ed po\u010det hodin: od 90 do 150 hodin. V\u00edce o \u00farovn\u00edch se dozv\u00edte ZDE.[\/vc_column_text][vc_text_separator title=&#8220;Rozd\u011blen\u00ed kurz\u016f&#8220; i_icon_fontawesome=&#8220;fas","og_url":"https:\/\/parlo-italiano.cz\/cs\/standardni-kurzy\/","og_site_name":"Parlo Italiano","article_modified_time":"2025-12-01T15:08:21+00:00","twitter_card":"summary_large_image","twitter_misc":{"Odhadovan\u00e1 doba \u010dten\u00ed":"2 minuty"},"schema":{"@context":"https:\/\/schema.org","@graph":[{"@type":"WebPage","@id":"https:\/\/parlo-italiano.cz\/cs\/standardni-kurzy\/","url":"https:\/\/parlo-italiano.cz\/cs\/standardni-kurzy\/","name":"Standardn\u00ed kurzy - Parlo Italiano","isPartOf":{"@id":"https:\/\/parlo-italiano.cz\/#website"},"datePublished":"2023-02-13T12:31:45+00:00","dateModified":"2025-12-01T15:08:21+00:00","breadcrumb":{"@id":"https:\/\/parlo-italiano.cz\/cs\/standardni-kurzy\/#breadcrumb"},"inLanguage":"cs","potentialAction":[{"@type":"ReadAction","target":["https:\/\/parlo-italiano.cz\/cs\/standardni-kurzy\/"]}]},{"@type":"BreadcrumbList","@id":"https:\/\/parlo-italiano.cz\/cs\/standardni-kurzy\/#breadcrumb","itemListElement":[{"@type":"ListItem","position":1,"name":"Home","item":"https:\/\/parlo-italiano.cz\/cs\/"},{"@type":"ListItem","position":2,"name":"Standardn\u00ed kurzy"}]},{"@type":"WebSite","@id":"https:\/\/parlo-italiano.cz\/#website","url":"https:\/\/parlo-italiano.cz\/","name":"Parlo Italiano","description":"Corsi di lingua italiana","publisher":{"@id":"https:\/\/parlo-italiano.cz\/#organization"},"potentialAction":[{"@type":"SearchAction","target":{"@type":"EntryPoint","urlTemplate":"https:\/\/parlo-italiano.cz\/?s={search_term_string}"},"query-input":{"@type":"PropertyValueSpecification","valueRequired":true,"valueName":"search_term_string"}}],"inLanguage":"cs"},{"@type":"Organization","@id":"https:\/\/parlo-italiano.cz\/#organization","name":"Istituto Italiano di Cultura Praga","url":"https:\/\/parlo-italiano.cz\/","logo":{"@type":"ImageObject","inLanguage":"cs","@id":"https:\/\/parlo-italiano.cz\/#\/schema\/logo\/image\/","url":"https:\/\/parlo-italiano.cz\/wp-content\/uploads\/2020\/03\/logo_iic.png","contentUrl":"https:\/\/parlo-italiano.cz\/wp-content\/uploads\/2020\/03\/logo_iic.png","width":230,"height":130,"caption":"Istituto Italiano di Cultura Praga"},"image":{"@id":"https:\/\/parlo-italiano.cz\/#\/schema\/logo\/image\/"}}]}},"_links":{"self":[{"href":"https:\/\/parlo-italiano.cz\/cs\/wp-json\/wp\/v2\/pages\/23749","targetHints":{"allow":["GET"]}}],"collection":[{"href":"https:\/\/parlo-italiano.cz\/cs\/wp-json\/wp\/v2\/pages"}],"about":[{"href":"https:\/\/parlo-italiano.cz\/cs\/wp-json\/wp\/v2\/types\/page"}],"author":[{"embeddable":true,"href":"https:\/\/parlo-italiano.cz\/cs\/wp-json\/wp\/v2\/users\/2"}],"replies":[{"embeddable":true,"href":"https:\/\/parlo-italiano.cz\/cs\/wp-json\/wp\/v2\/comments?post=23749"}],"version-history":[{"count":81,"href":"https:\/\/parlo-italiano.cz\/cs\/wp-json\/wp\/v2\/pages\/23749\/revisions"}],"predecessor-version":[{"id":32313,"href":"https:\/\/parlo-italiano.cz\/cs\/wp-json\/wp\/v2\/pages\/23749\/revisions\/32313"}],"wp:attachment":[{"href":"https:\/\/parlo-italiano.cz\/cs\/wp-json\/wp\/v2\/media?parent=23749"}],"curies":[{"name":"wp","href":"https:\/\/api.w.org\/{rel}","templated":true}]}}