{"id":29379,"date":"2024-04-16T00:07:36","date_gmt":"2024-04-15T22:12:25","guid":{"rendered":"https:\/\/parlo-italiano.cz\/nezarazene\/c1-b-rip-kveten-cerven\/"},"modified":"2024-04-16T00:12:25","modified_gmt":"2024-04-15T22:12:25","slug":"c1-b-rip-kveten-cerven","status":"publish","type":"product","link":"https:\/\/parlo-italiano.cz\/cs\/kategorie-kurzy-kveten-cerven\/c1-b-rip-kveten-cerven\/","title":{"rendered":"C1.b- rip kv\u011bten\/\u010derven"},"content":{"rendered":"<h4>6 lekc\u00ed jednou t\u00fddn\u011b<\/h4>\n<p>Podle SERR je \u00farove\u0148 C1 pokro\u010dilou \u00farovn\u00ed \u00da\u010dinnost. Na t\u00e9to \u00farovni je student schopen porozum\u011bt \u0161irok\u00e9mu spektru komplexn\u00edch a dlouh\u00fdch text\u016f a dok\u00e1\u017ee rozpoznat jejich implicitn\u00ed v\u00fdznam. Vyjad\u0159uje se p\u0159irozen\u011b a hladce. Flexibiln\u011b a efektivn\u011b pou\u017e\u00edv\u00e1 jazyk pro soci\u00e1ln\u00ed, profesn\u00ed a akademick\u00e9 \u00fa\u010dely. Um\u00ed vytv\u00e1\u0159et jasn\u00e9, dob\u0159e konstruovan\u00e9 a artikulovan\u00e9 texty o slo\u017eit\u00fdch t\u00e9matech, ovl\u00e1d\u00e1 struktury \u0159e\u010di a mechanismy soudr\u017enosti jazyka.<\/p>\n<p>Ve skute\u010dnosti jsou na\u0161e kurzy s ozna\u010den\u00edm C1 flexibiln\u00ed a otev\u0159en\u00e9 i pro studenty, kte\u0159\u00ed maj\u00ed ur\u010dit\u00e9 pot\u00ed\u017ee s dosa\u017een\u00edm plynulosti v mluven\u00e9m jazyce, ale maj\u00ed z\u00e1jem pos\u00edlit sv\u00e9 znalosti italsk\u00e9ho jazyka prost\u0159ednictv\u00edm slo\u017eit\u011bj\u0161\u00edch podn\u011bt\u016f a komplexn\u00ed anal\u00fdzy struktur.<\/p>\n<p>V na\u0161ich kurzech trv\u00e1 90 hodin a je rozd\u011blen na d\u00edl\u010d\u00ed \u00farovn\u011b C1a, C1b, C1c.<\/p>\n<p><strong>Kurzy &#8222;RIP&#8220;<\/strong> jsou kurzy pro opakov\u00e1n\u00ed a prohlubov\u00e1n\u00ed &#8222;standardn\u00edch&#8220; \u00farovn\u00ed.<br \/>\nJedn\u00e1 se o kurzy s lekcemi velmi podobn\u00fdmi t\u011bm ze &#8222;standardn\u00edch&#8220; kurz\u016f. Lekce maj\u00ed 120 minut a rozv\u00edjej\u00ed se v nich v\u0161echny dovednosti: poslech, \u010dten\u00ed, mluven\u00ed, gramatika, psan\u00ed.<br \/>\nJedin\u00fdm rozd\u00edlem oproti &#8222;standardn\u00edm&#8220; kurz\u016fm (kter\u00e9 nab\u00edz\u00edme v prvn\u00edch dvou \u010dtvrtlet\u00edch roku) je, \u017ee v t\u011bchto lekc\u00edch se nepostupuje podle stanoven\u00fdch osnov a jedn\u00e9 knihy. Lekce jsou voln\u011b \u010derp\u00e1ny z jin\u00fdch knih, ne\u017e kter\u00e9 pou\u017e\u00edv\u00e1me v na\u0161ich &#8222;standardn\u00edch&#8220; kurzech, nebo dokonce z vide\u00ed a jin\u00fdch online materi\u00e1l\u016f.<br \/>\nU\u010ditel je tak\u00e9 k dispozici t\u0159\u00edd\u011b, aby prohloubil nebo zopakoval ur\u010dit\u00e9 t\u00e9ma.<br \/>\nT\u011bchto kurz\u016f se mohou z\u00fa\u010dastnit i studenti, kte\u0159\u00ed u n\u00e1s neabsolvovali &#8222;standardn\u00ed&#8220; programy v prvn\u00edm a druh\u00e9m semestru.<\/p>\n<p>Student, pokud je nov\u00fd, je za\u0159azen na z\u00e1klad\u011b vstupn\u00edho testu.<\/p>\n","protected":false},"excerpt":{"rendered":"<p><strong>\u00darove\u0148<\/strong>: C1.b<br \/>\n<strong>Doch\u00e1zka:<\/strong> <span>1x t\u00fddn\u011b<\/span><br \/>\n<strong>Cena za 6 lekc\u00ed (= 12 hodin)<\/strong>: 2300 CZK<\/p>\n","protected":false},"featured_media":19052,"template":"","meta":[],"product_brand":[],"product_cat":[969],"product_tag":[],"class_list":{"0":"post-29379","1":"product","2":"type-product","3":"status-publish","4":"has-post-thumbnail","6":"product_cat-kategorie-kurzy-kveten-cerven","8":"first","9":"outofstock","10":"sold-individually","11":"shipping-taxable","12":"purchasable","13":"product-type-variable","14":"has-default-attributes"},"yoast_head":"<!-- This site is optimized with the Yoast SEO plugin v27.4 - https:\/\/yoast.com\/product\/yoast-seo-wordpress\/ -->\n<title>C1.b- rip kv\u011bten\/\u010derven - Parlo Italiano<\/title>\n<meta name=\"robots\" content=\"index, follow, max-snippet:-1, max-image-preview:large, max-video-preview:-1\" \/>\n<link rel=\"canonical\" href=\"https:\/\/parlo-italiano.cz\/cs\/kategorie-kurzy-kveten-cerven\/c1-b-rip-kveten-cerven\/\" \/>\n<meta property=\"og:locale\" content=\"cs_CZ\" \/>\n<meta property=\"og:type\" content=\"article\" \/>\n<meta property=\"og:title\" content=\"C1.b- rip kv\u011bten\/\u010derven - Parlo Italiano\" \/>\n<meta property=\"og:description\" content=\"\u00darove\u0148: C1.b Doch\u00e1zka: 1x t\u00fddn\u011b Cena za 6 lekc\u00ed (= 12 hodin): 2300 CZK\" \/>\n<meta property=\"og:url\" content=\"https:\/\/parlo-italiano.cz\/cs\/kategorie-kurzy-kveten-cerven\/c1-b-rip-kveten-cerven\/\" \/>\n<meta property=\"og:site_name\" content=\"Parlo Italiano\" \/>\n<meta name=\"twitter:card\" content=\"summary_large_image\" \/>\n<meta name=\"twitter:label1\" content=\"Odhadovan\u00e1 doba \u010dten\u00ed\" \/>\n\t<meta name=\"twitter:data1\" content=\"2 minuty\" \/>\n<script type=\"application\/ld+json\" class=\"yoast-schema-graph\">{\"@context\":\"https:\\\/\\\/schema.org\",\"@graph\":[{\"@type\":\"WebPage\",\"@id\":\"https:\\\/\\\/parlo-italiano.cz\\\/cs\\\/kategorie-kurzy-kveten-cerven\\\/c1-b-rip-kveten-cerven\\\/\",\"url\":\"https:\\\/\\\/parlo-italiano.cz\\\/cs\\\/kategorie-kurzy-kveten-cerven\\\/c1-b-rip-kveten-cerven\\\/\",\"name\":\"C1.b- rip kv\u011bten\\\/\u010derven - Parlo Italiano\",\"isPartOf\":{\"@id\":\"https:\\\/\\\/parlo-italiano.cz\\\/#website\"},\"primaryImageOfPage\":{\"@id\":\"https:\\\/\\\/parlo-italiano.cz\\\/cs\\\/kategorie-kurzy-kveten-cerven\\\/c1-b-rip-kveten-cerven\\\/#primaryimage\"},\"image\":{\"@id\":\"https:\\\/\\\/parlo-italiano.cz\\\/cs\\\/kategorie-kurzy-kveten-cerven\\\/c1-b-rip-kveten-cerven\\\/#primaryimage\"},\"thumbnailUrl\":\"https:\\\/\\\/parlo-italiano.cz\\\/wp-content\\\/uploads\\\/2020\\\/03\\\/132_1920-min.jpg\",\"datePublished\":\"2024-04-15T22:12:25+00:00\",\"breadcrumb\":{\"@id\":\"https:\\\/\\\/parlo-italiano.cz\\\/cs\\\/kategorie-kurzy-kveten-cerven\\\/c1-b-rip-kveten-cerven\\\/#breadcrumb\"},\"inLanguage\":\"cs\",\"potentialAction\":[{\"@type\":\"ReadAction\",\"target\":[\"https:\\\/\\\/parlo-italiano.cz\\\/cs\\\/kategorie-kurzy-kveten-cerven\\\/c1-b-rip-kveten-cerven\\\/\"]}]},{\"@type\":\"ImageObject\",\"inLanguage\":\"cs\",\"@id\":\"https:\\\/\\\/parlo-italiano.cz\\\/cs\\\/kategorie-kurzy-kveten-cerven\\\/c1-b-rip-kveten-cerven\\\/#primaryimage\",\"url\":\"https:\\\/\\\/parlo-italiano.cz\\\/wp-content\\\/uploads\\\/2020\\\/03\\\/132_1920-min.jpg\",\"contentUrl\":\"https:\\\/\\\/parlo-italiano.cz\\\/wp-content\\\/uploads\\\/2020\\\/03\\\/132_1920-min.jpg\",\"width\":1920,\"height\":1278},{\"@type\":\"BreadcrumbList\",\"@id\":\"https:\\\/\\\/parlo-italiano.cz\\\/cs\\\/kategorie-kurzy-kveten-cerven\\\/c1-b-rip-kveten-cerven\\\/#breadcrumb\",\"itemListElement\":[{\"@type\":\"ListItem\",\"position\":1,\"name\":\"Home\",\"item\":\"https:\\\/\\\/parlo-italiano.cz\\\/cs\\\/\"},{\"@type\":\"ListItem\",\"position\":2,\"name\":\"Kurzy\",\"item\":\"https:\\\/\\\/parlo-italiano.cz\\\/cs\\\/kurzy\\\/\"},{\"@type\":\"ListItem\",\"position\":3,\"name\":\"C1.b- rip kv\u011bten\\\/\u010derven\"}]},{\"@type\":\"WebSite\",\"@id\":\"https:\\\/\\\/parlo-italiano.cz\\\/#website\",\"url\":\"https:\\\/\\\/parlo-italiano.cz\\\/\",\"name\":\"Parlo Italiano\",\"description\":\"Corsi di lingua italiana\",\"publisher\":{\"@id\":\"https:\\\/\\\/parlo-italiano.cz\\\/#organization\"},\"potentialAction\":[{\"@type\":\"SearchAction\",\"target\":{\"@type\":\"EntryPoint\",\"urlTemplate\":\"https:\\\/\\\/parlo-italiano.cz\\\/?s={search_term_string}\"},\"query-input\":{\"@type\":\"PropertyValueSpecification\",\"valueRequired\":true,\"valueName\":\"search_term_string\"}}],\"inLanguage\":\"cs\"},{\"@type\":\"Organization\",\"@id\":\"https:\\\/\\\/parlo-italiano.cz\\\/#organization\",\"name\":\"Istituto Italiano di Cultura Praga\",\"url\":\"https:\\\/\\\/parlo-italiano.cz\\\/\",\"logo\":{\"@type\":\"ImageObject\",\"inLanguage\":\"cs\",\"@id\":\"https:\\\/\\\/parlo-italiano.cz\\\/#\\\/schema\\\/logo\\\/image\\\/\",\"url\":\"https:\\\/\\\/parlo-italiano.cz\\\/wp-content\\\/uploads\\\/2020\\\/03\\\/logo_iic.png\",\"contentUrl\":\"https:\\\/\\\/parlo-italiano.cz\\\/wp-content\\\/uploads\\\/2020\\\/03\\\/logo_iic.png\",\"width\":230,\"height\":130,\"caption\":\"Istituto Italiano di Cultura Praga\"},\"image\":{\"@id\":\"https:\\\/\\\/parlo-italiano.cz\\\/#\\\/schema\\\/logo\\\/image\\\/\"}}]}<\/script>\n<!-- \/ Yoast SEO plugin. -->","yoast_head_json":{"title":"C1.b- rip kv\u011bten\/\u010derven - Parlo Italiano","robots":{"index":"index","follow":"follow","max-snippet":"max-snippet:-1","max-image-preview":"max-image-preview:large","max-video-preview":"max-video-preview:-1"},"canonical":"https:\/\/parlo-italiano.cz\/cs\/kategorie-kurzy-kveten-cerven\/c1-b-rip-kveten-cerven\/","og_locale":"cs_CZ","og_type":"article","og_title":"C1.b- rip kv\u011bten\/\u010derven - Parlo Italiano","og_description":"\u00darove\u0148: C1.b Doch\u00e1zka: 1x t\u00fddn\u011b Cena za 6 lekc\u00ed (= 12 hodin): 2300 CZK","og_url":"https:\/\/parlo-italiano.cz\/cs\/kategorie-kurzy-kveten-cerven\/c1-b-rip-kveten-cerven\/","og_site_name":"Parlo Italiano","twitter_card":"summary_large_image","twitter_misc":{"Odhadovan\u00e1 doba \u010dten\u00ed":"2 minuty"},"schema":{"@context":"https:\/\/schema.org","@graph":[{"@type":"WebPage","@id":"https:\/\/parlo-italiano.cz\/cs\/kategorie-kurzy-kveten-cerven\/c1-b-rip-kveten-cerven\/","url":"https:\/\/parlo-italiano.cz\/cs\/kategorie-kurzy-kveten-cerven\/c1-b-rip-kveten-cerven\/","name":"C1.b- rip kv\u011bten\/\u010derven - Parlo Italiano","isPartOf":{"@id":"https:\/\/parlo-italiano.cz\/#website"},"primaryImageOfPage":{"@id":"https:\/\/parlo-italiano.cz\/cs\/kategorie-kurzy-kveten-cerven\/c1-b-rip-kveten-cerven\/#primaryimage"},"image":{"@id":"https:\/\/parlo-italiano.cz\/cs\/kategorie-kurzy-kveten-cerven\/c1-b-rip-kveten-cerven\/#primaryimage"},"thumbnailUrl":"https:\/\/parlo-italiano.cz\/wp-content\/uploads\/2020\/03\/132_1920-min.jpg","datePublished":"2024-04-15T22:12:25+00:00","breadcrumb":{"@id":"https:\/\/parlo-italiano.cz\/cs\/kategorie-kurzy-kveten-cerven\/c1-b-rip-kveten-cerven\/#breadcrumb"},"inLanguage":"cs","potentialAction":[{"@type":"ReadAction","target":["https:\/\/parlo-italiano.cz\/cs\/kategorie-kurzy-kveten-cerven\/c1-b-rip-kveten-cerven\/"]}]},{"@type":"ImageObject","inLanguage":"cs","@id":"https:\/\/parlo-italiano.cz\/cs\/kategorie-kurzy-kveten-cerven\/c1-b-rip-kveten-cerven\/#primaryimage","url":"https:\/\/parlo-italiano.cz\/wp-content\/uploads\/2020\/03\/132_1920-min.jpg","contentUrl":"https:\/\/parlo-italiano.cz\/wp-content\/uploads\/2020\/03\/132_1920-min.jpg","width":1920,"height":1278},{"@type":"BreadcrumbList","@id":"https:\/\/parlo-italiano.cz\/cs\/kategorie-kurzy-kveten-cerven\/c1-b-rip-kveten-cerven\/#breadcrumb","itemListElement":[{"@type":"ListItem","position":1,"name":"Home","item":"https:\/\/parlo-italiano.cz\/cs\/"},{"@type":"ListItem","position":2,"name":"Kurzy","item":"https:\/\/parlo-italiano.cz\/cs\/kurzy\/"},{"@type":"ListItem","position":3,"name":"C1.b- rip kv\u011bten\/\u010derven"}]},{"@type":"WebSite","@id":"https:\/\/parlo-italiano.cz\/#website","url":"https:\/\/parlo-italiano.cz\/","name":"Parlo Italiano","description":"Corsi di lingua italiana","publisher":{"@id":"https:\/\/parlo-italiano.cz\/#organization"},"potentialAction":[{"@type":"SearchAction","target":{"@type":"EntryPoint","urlTemplate":"https:\/\/parlo-italiano.cz\/?s={search_term_string}"},"query-input":{"@type":"PropertyValueSpecification","valueRequired":true,"valueName":"search_term_string"}}],"inLanguage":"cs"},{"@type":"Organization","@id":"https:\/\/parlo-italiano.cz\/#organization","name":"Istituto Italiano di Cultura Praga","url":"https:\/\/parlo-italiano.cz\/","logo":{"@type":"ImageObject","inLanguage":"cs","@id":"https:\/\/parlo-italiano.cz\/#\/schema\/logo\/image\/","url":"https:\/\/parlo-italiano.cz\/wp-content\/uploads\/2020\/03\/logo_iic.png","contentUrl":"https:\/\/parlo-italiano.cz\/wp-content\/uploads\/2020\/03\/logo_iic.png","width":230,"height":130,"caption":"Istituto Italiano di Cultura Praga"},"image":{"@id":"https:\/\/parlo-italiano.cz\/#\/schema\/logo\/image\/"}}]}},"_links":{"self":[{"href":"https:\/\/parlo-italiano.cz\/cs\/wp-json\/wp\/v2\/product\/29379","targetHints":{"allow":["GET"]}}],"collection":[{"href":"https:\/\/parlo-italiano.cz\/cs\/wp-json\/wp\/v2\/product"}],"about":[{"href":"https:\/\/parlo-italiano.cz\/cs\/wp-json\/wp\/v2\/types\/product"}],"wp:featuredmedia":[{"embeddable":true,"href":"https:\/\/parlo-italiano.cz\/cs\/wp-json\/wp\/v2\/media\/19052"}],"wp:attachment":[{"href":"https:\/\/parlo-italiano.cz\/cs\/wp-json\/wp\/v2\/media?parent=29379"}],"wp:term":[{"taxonomy":"product_brand","embeddable":true,"href":"https:\/\/parlo-italiano.cz\/cs\/wp-json\/wp\/v2\/product_brand?post=29379"},{"taxonomy":"product_cat","embeddable":true,"href":"https:\/\/parlo-italiano.cz\/cs\/wp-json\/wp\/v2\/product_cat?post=29379"},{"taxonomy":"product_tag","embeddable":true,"href":"https:\/\/parlo-italiano.cz\/cs\/wp-json\/wp\/v2\/product_tag?post=29379"}],"curies":[{"name":"wp","href":"https:\/\/api.w.org\/{rel}","templated":true}]}}